{"id":3363,"date":"2019-12-19T13:57:51","date_gmt":"2019-12-19T12:57:51","guid":{"rendered":"https:\/\/volontaripernatura.greenproject.info\/common\/site\/?post_type=mec-events&#038;p=3363"},"modified":"2020-05-14T14:04:32","modified_gmt":"2020-05-14T12:04:32","slug":"launching-of-the-common-project-in-monastir-tunisia","status":"publish","type":"mec-events","link":"https:\/\/volontaripernatura.greenproject.info\/common\/site\/events\/launching-of-the-common-project-in-monastir-tunisia\/","title":{"rendered":"Launching of the COMMON project in Monastir, Tunisia"},"content":{"rendered":"\n<p><em>Contenu disponile uniquement en fran\u00e7ais<\/em>.<br><br>Le 19 d\u00e9cembre 2019, l\u2019Institut National des Sciences et Technologies de la Mer de Tunisie (INSTM), organise une r\u00e9union d&#8217;information \u00e0 Monastir afin de lancer le projet COMMON et pr\u00e9senter ses objectifs &nbsp;aux autorit\u00e9s locales, ONG environnementales, scientifiques et \u00e0 la presse.<br><br>\u00ab Partout dans le monde, des d\u00e9chets marins ont \u00e9t\u00e9 d\u00e9tect\u00e9s dans les principaux habitats marins, d\u2019une taille allant du micron au m\u00e8tre. Ce probl\u00e8me est exacerb\u00e9 dans les environnements marins et c\u00f4tiers des mers semi-ferm\u00e9es, comme la M\u00e9diterran\u00e9e. Les d\u00e9chets marins ont des r\u00e9percussions sur tous les aspects de la vie humaine. Cependant, leur impact n\u2019est ni \u00e9valu\u00e9 ni totalement compris \u00bb, a d\u00e9clar\u00e9 Dr. Sana Ben Ismail, coordinatrice du projet COMMON au sein de l&#8217;INSTM. \u00ab Pour faire face \u00e0 cette urgence, il est n\u00e9cessaire, d\u2019une part, d\u2019acqu\u00e9rir de nouvelles connaissances sur le sujet, et d\u2019appuyer les processus d\u00e9cisionnels en mati\u00e8re de pr\u00e9vention et de gestion des d\u00e9chets d\u2019autre part. C\u2019est pour cette raison que le projet COMMON entend \u00e9tudier des mod\u00e8les de gouvernance efficaces dans certaines zones pilotes, comme premi\u00e8re \u00e9tape, avant d&#8217;aborder le probl\u00e8me au niveau m\u00e9diterran\u00e9en \u00bb.<\/p>\n\n\n\n<p>Une des ambitions principales du projet COMMON (\u00ab&nbsp;<em>COastal Management and MOnitoring Network for tackling marine litter in Mediterranean se<\/em>a \u00bb) est la cr\u00e9ation et la gestion d\u2019un r\u00e9seau permanent qui assure la coordination entre centres de sauvetage des tortues marines afin d\u2019\u00e9tudier sur le probl\u00e8me des d\u00e9chets marins, notamment en Italie, Tunisie et au Liban.<\/p>\n\n\n\n<p><strong>Informations pratiques<\/strong><\/p>\n\n\n\n<p><em>Lieu de la r\u00e9union:<\/em><br>19 d\u00e9cembre 2019 &#8211; Municipalit\u00e9 de Monastir<\/p>\n\n\n\n<p><em>Horaire:<\/em><br>De&nbsp;10h \u00e011h30. Un buffet 0% plastique sera offert aux participants.<\/p>\n\n\n\n<p><em>Contact&nbsp;:<\/em><br>Sana Ben Ismail, INSTM&nbsp;:&nbsp;<a href=\"mailto:sana.benismail@instm.rnrt.tn\">sana.benismail@instm.rnrt.tn<\/a><\/p>\n","protected":false},"excerpt":{"rendered":"<p><a href=\"https:\/\/volontaripernatura.greenproject.info\/common\/site\/events\/launching-of-the-common-project-in-monastir-tunisia\/\" class=\"excerpt\">Contenu disponile uniquement en fran\u00e7ais. Le 19 d\u00e9cembre 2019, l\u2019Institut National des Sciences et Technologies de la Mer de Tunisie (INSTM), organise une r\u00e9union d&#8217;information \u00e0 Monastir afin de lancer &#8230;<\/a><\/p>\n","protected":false},"author":1,"featured_media":3364,"comment_status":"open","ping_status":"closed","template":"","tags":[],"mec_category":[29],"class_list":["post-3363","mec-events","type-mec-events","status-publish","has-post-thumbnail","hentry","mec_category-press-conference"],"yoast_head":"<!-- This site is optimized with the Yoast SEO plugin v27.5 - https:\/\/yoast.com\/product\/yoast-seo-wordpress\/ -->\n<title>Launching of the COMMON project in Monastir, Tunisia - Common<\/title>\n<meta name=\"robots\" content=\"index, follow, max-snippet:-1, max-image-preview:large, max-video-preview:-1\" \/>\n<link rel=\"canonical\" href=\"https:\/\/volontaripernatura.greenproject.info\/common\/site\/events\/launching-of-the-common-project-in-monastir-tunisia\/\" \/>\n<meta property=\"og:locale\" content=\"en_GB\" \/>\n<meta property=\"og:type\" content=\"article\" \/>\n<meta property=\"og:title\" content=\"Launching of the COMMON project in Monastir, Tunisia - Common\" \/>\n<meta property=\"og:description\" content=\"Contenu disponile uniquement en fran\u00e7ais. Le 19 d\u00e9cembre 2019, l\u2019Institut National des Sciences et Technologies de la Mer de Tunisie (INSTM), organise une r\u00e9union d&#8217;information \u00e0 Monastir afin de lancer ...\" \/>\n<meta property=\"og:url\" content=\"https:\/\/volontaripernatura.greenproject.info\/common\/site\/events\/launching-of-the-common-project-in-monastir-tunisia\/\" \/>\n<meta property=\"og:site_name\" content=\"Common\" \/>\n<meta property=\"article:publisher\" content=\"https:\/\/www.facebook.com\/Common.eu\/\" \/>\n<meta property=\"article:modified_time\" content=\"2020-05-14T12:04:32+00:00\" \/>\n<meta property=\"og:image\" content=\"https:\/\/volontaripernatura.greenproject.info\/common\/site\/wp-content\/uploads\/2020\/05\/monastir_0-1024x683.png\" \/>\n\t<meta property=\"og:image:width\" content=\"1024\" \/>\n\t<meta property=\"og:image:height\" content=\"683\" \/>\n\t<meta property=\"og:image:type\" content=\"image\/png\" \/>\n<meta name=\"twitter:card\" content=\"summary_large_image\" \/>\n<meta name=\"twitter:site\" content=\"@common_eu\" \/>\n<meta name=\"twitter:label1\" content=\"Estimated reading time\" \/>\n\t<meta name=\"twitter:data1\" content=\"2 minutes\" \/>\n<script type=\"application\/ld+json\" class=\"yoast-schema-graph\">{\"@context\":\"https:\\\/\\\/schema.org\",\"@graph\":[{\"@type\":\"WebPage\",\"@id\":\"https:\\\/\\\/volontaripernatura.greenproject.info\\\/common\\\/site\\\/it_it\\\/events\\\/launching-of-the-common-project-in-monastir-tunisia\\\/\",\"url\":\"https:\\\/\\\/volontaripernatura.greenproject.info\\\/common\\\/site\\\/it_it\\\/events\\\/launching-of-the-common-project-in-monastir-tunisia\\\/\",\"name\":\"Launching of the COMMON project in Monastir, Tunisia - Common\",\"isPartOf\":{\"@id\":\"https:\\\/\\\/volontaripernatura.greenproject.info\\\/common\\\/site\\\/#website\"},\"primaryImageOfPage\":{\"@id\":\"https:\\\/\\\/volontaripernatura.greenproject.info\\\/common\\\/site\\\/it_it\\\/events\\\/launching-of-the-common-project-in-monastir-tunisia\\\/#primaryimage\"},\"image\":{\"@id\":\"https:\\\/\\\/volontaripernatura.greenproject.info\\\/common\\\/site\\\/it_it\\\/events\\\/launching-of-the-common-project-in-monastir-tunisia\\\/#primaryimage\"},\"thumbnailUrl\":\"https:\\\/\\\/volontaripernatura.greenproject.info\\\/common\\\/site\\\/wp-content\\\/uploads\\\/2020\\\/05\\\/monastir_0.png\",\"datePublished\":\"2019-12-19T12:57:51+00:00\",\"dateModified\":\"2020-05-14T12:04:32+00:00\",\"breadcrumb\":{\"@id\":\"https:\\\/\\\/volontaripernatura.greenproject.info\\\/common\\\/site\\\/it_it\\\/events\\\/launching-of-the-common-project-in-monastir-tunisia\\\/#breadcrumb\"},\"inLanguage\":\"en-GB\",\"potentialAction\":[{\"@type\":\"ReadAction\",\"target\":[\"https:\\\/\\\/volontaripernatura.greenproject.info\\\/common\\\/site\\\/it_it\\\/events\\\/launching-of-the-common-project-in-monastir-tunisia\\\/\"]}]},{\"@type\":\"ImageObject\",\"inLanguage\":\"en-GB\",\"@id\":\"https:\\\/\\\/volontaripernatura.greenproject.info\\\/common\\\/site\\\/it_it\\\/events\\\/launching-of-the-common-project-in-monastir-tunisia\\\/#primaryimage\",\"url\":\"https:\\\/\\\/volontaripernatura.greenproject.info\\\/common\\\/site\\\/wp-content\\\/uploads\\\/2020\\\/05\\\/monastir_0.png\",\"contentUrl\":\"https:\\\/\\\/volontaripernatura.greenproject.info\\\/common\\\/site\\\/wp-content\\\/uploads\\\/2020\\\/05\\\/monastir_0.png\",\"width\":1500,\"height\":1000},{\"@type\":\"BreadcrumbList\",\"@id\":\"https:\\\/\\\/volontaripernatura.greenproject.info\\\/common\\\/site\\\/it_it\\\/events\\\/launching-of-the-common-project-in-monastir-tunisia\\\/#breadcrumb\",\"itemListElement\":[{\"@type\":\"ListItem\",\"position\":1,\"name\":\"Home\",\"item\":\"https:\\\/\\\/volontaripernatura.greenproject.info\\\/common\\\/site\\\/\"},{\"@type\":\"ListItem\",\"position\":2,\"name\":\"Eventi\",\"item\":\"https:\\\/\\\/volontaripernatura.greenproject.info\\\/common\\\/site\\\/it_it\\\/events\\\/\"},{\"@type\":\"ListItem\",\"position\":3,\"name\":\"Launching of the COMMON project in Monastir, Tunisia\"}]},{\"@type\":\"WebSite\",\"@id\":\"https:\\\/\\\/volontaripernatura.greenproject.info\\\/common\\\/site\\\/#website\",\"url\":\"https:\\\/\\\/volontaripernatura.greenproject.info\\\/common\\\/site\\\/\",\"name\":\"Common\",\"description\":\"We are all Med\",\"publisher\":{\"@id\":\"https:\\\/\\\/volontaripernatura.greenproject.info\\\/common\\\/site\\\/#organization\"},\"potentialAction\":[{\"@type\":\"SearchAction\",\"target\":{\"@type\":\"EntryPoint\",\"urlTemplate\":\"https:\\\/\\\/volontaripernatura.greenproject.info\\\/common\\\/site\\\/?s={search_term_string}\"},\"query-input\":{\"@type\":\"PropertyValueSpecification\",\"valueRequired\":true,\"valueName\":\"search_term_string\"}}],\"inLanguage\":\"en-GB\"},{\"@type\":\"Organization\",\"@id\":\"https:\\\/\\\/volontaripernatura.greenproject.info\\\/common\\\/site\\\/#organization\",\"name\":\"COMMON Med Project\",\"url\":\"https:\\\/\\\/volontaripernatura.greenproject.info\\\/common\\\/site\\\/\",\"logo\":{\"@type\":\"ImageObject\",\"inLanguage\":\"en-GB\",\"@id\":\"https:\\\/\\\/volontaripernatura.greenproject.info\\\/common\\\/site\\\/#\\\/schema\\\/logo\\\/image\\\/\",\"url\":\"https:\\\/\\\/volontaripernatura.greenproject.info\\\/common\\\/site\\\/wp-content\\\/uploads\\\/2020\\\/03\\\/visual_common.png\",\"contentUrl\":\"https:\\\/\\\/volontaripernatura.greenproject.info\\\/common\\\/site\\\/wp-content\\\/uploads\\\/2020\\\/03\\\/visual_common.png\",\"width\":1498,\"height\":455,\"caption\":\"COMMON Med Project\"},\"image\":{\"@id\":\"https:\\\/\\\/volontaripernatura.greenproject.info\\\/common\\\/site\\\/#\\\/schema\\\/logo\\\/image\\\/\"},\"sameAs\":[\"https:\\\/\\\/www.facebook.com\\\/Common.eu\\\/\",\"https:\\\/\\\/x.com\\\/common_eu\",\"https:\\\/\\\/www.instagram.com\\\/common.eu\\\/?hl=it\",\"https:\\\/\\\/www.youtube.com\\\/channel\\\/UCJNoGIX8C-wl4RfJLyWpT8g\"]}]}<\/script>\n<!-- \/ Yoast SEO plugin. -->","yoast_head_json":{"title":"Launching of the COMMON project in Monastir, Tunisia - Common","robots":{"index":"index","follow":"follow","max-snippet":"max-snippet:-1","max-image-preview":"max-image-preview:large","max-video-preview":"max-video-preview:-1"},"canonical":"https:\/\/volontaripernatura.greenproject.info\/common\/site\/events\/launching-of-the-common-project-in-monastir-tunisia\/","og_locale":"en_GB","og_type":"article","og_title":"Launching of the COMMON project in Monastir, Tunisia - Common","og_description":"Contenu disponile uniquement en fran\u00e7ais. Le 19 d\u00e9cembre 2019, l\u2019Institut National des Sciences et Technologies de la Mer de Tunisie (INSTM), organise une r\u00e9union d&#8217;information \u00e0 Monastir afin de lancer ...","og_url":"https:\/\/volontaripernatura.greenproject.info\/common\/site\/events\/launching-of-the-common-project-in-monastir-tunisia\/","og_site_name":"Common","article_publisher":"https:\/\/www.facebook.com\/Common.eu\/","article_modified_time":"2020-05-14T12:04:32+00:00","og_image":[{"width":1024,"height":683,"url":"https:\/\/volontaripernatura.greenproject.info\/common\/site\/wp-content\/uploads\/2020\/05\/monastir_0-1024x683.png","type":"image\/png"}],"twitter_card":"summary_large_image","twitter_site":"@common_eu","twitter_misc":{"Estimated reading time":"2 minutes"},"schema":{"@context":"https:\/\/schema.org","@graph":[{"@type":"WebPage","@id":"https:\/\/volontaripernatura.greenproject.info\/common\/site\/it_it\/events\/launching-of-the-common-project-in-monastir-tunisia\/","url":"https:\/\/volontaripernatura.greenproject.info\/common\/site\/it_it\/events\/launching-of-the-common-project-in-monastir-tunisia\/","name":"Launching of the COMMON project in Monastir, Tunisia - Common","isPartOf":{"@id":"https:\/\/volontaripernatura.greenproject.info\/common\/site\/#website"},"primaryImageOfPage":{"@id":"https:\/\/volontaripernatura.greenproject.info\/common\/site\/it_it\/events\/launching-of-the-common-project-in-monastir-tunisia\/#primaryimage"},"image":{"@id":"https:\/\/volontaripernatura.greenproject.info\/common\/site\/it_it\/events\/launching-of-the-common-project-in-monastir-tunisia\/#primaryimage"},"thumbnailUrl":"https:\/\/volontaripernatura.greenproject.info\/common\/site\/wp-content\/uploads\/2020\/05\/monastir_0.png","datePublished":"2019-12-19T12:57:51+00:00","dateModified":"2020-05-14T12:04:32+00:00","breadcrumb":{"@id":"https:\/\/volontaripernatura.greenproject.info\/common\/site\/it_it\/events\/launching-of-the-common-project-in-monastir-tunisia\/#breadcrumb"},"inLanguage":"en-GB","potentialAction":[{"@type":"ReadAction","target":["https:\/\/volontaripernatura.greenproject.info\/common\/site\/it_it\/events\/launching-of-the-common-project-in-monastir-tunisia\/"]}]},{"@type":"ImageObject","inLanguage":"en-GB","@id":"https:\/\/volontaripernatura.greenproject.info\/common\/site\/it_it\/events\/launching-of-the-common-project-in-monastir-tunisia\/#primaryimage","url":"https:\/\/volontaripernatura.greenproject.info\/common\/site\/wp-content\/uploads\/2020\/05\/monastir_0.png","contentUrl":"https:\/\/volontaripernatura.greenproject.info\/common\/site\/wp-content\/uploads\/2020\/05\/monastir_0.png","width":1500,"height":1000},{"@type":"BreadcrumbList","@id":"https:\/\/volontaripernatura.greenproject.info\/common\/site\/it_it\/events\/launching-of-the-common-project-in-monastir-tunisia\/#breadcrumb","itemListElement":[{"@type":"ListItem","position":1,"name":"Home","item":"https:\/\/volontaripernatura.greenproject.info\/common\/site\/"},{"@type":"ListItem","position":2,"name":"Eventi","item":"https:\/\/volontaripernatura.greenproject.info\/common\/site\/it_it\/events\/"},{"@type":"ListItem","position":3,"name":"Launching of the COMMON project in Monastir, Tunisia"}]},{"@type":"WebSite","@id":"https:\/\/volontaripernatura.greenproject.info\/common\/site\/#website","url":"https:\/\/volontaripernatura.greenproject.info\/common\/site\/","name":"Common","description":"We are all Med","publisher":{"@id":"https:\/\/volontaripernatura.greenproject.info\/common\/site\/#organization"},"potentialAction":[{"@type":"SearchAction","target":{"@type":"EntryPoint","urlTemplate":"https:\/\/volontaripernatura.greenproject.info\/common\/site\/?s={search_term_string}"},"query-input":{"@type":"PropertyValueSpecification","valueRequired":true,"valueName":"search_term_string"}}],"inLanguage":"en-GB"},{"@type":"Organization","@id":"https:\/\/volontaripernatura.greenproject.info\/common\/site\/#organization","name":"COMMON Med Project","url":"https:\/\/volontaripernatura.greenproject.info\/common\/site\/","logo":{"@type":"ImageObject","inLanguage":"en-GB","@id":"https:\/\/volontaripernatura.greenproject.info\/common\/site\/#\/schema\/logo\/image\/","url":"https:\/\/volontaripernatura.greenproject.info\/common\/site\/wp-content\/uploads\/2020\/03\/visual_common.png","contentUrl":"https:\/\/volontaripernatura.greenproject.info\/common\/site\/wp-content\/uploads\/2020\/03\/visual_common.png","width":1498,"height":455,"caption":"COMMON Med Project"},"image":{"@id":"https:\/\/volontaripernatura.greenproject.info\/common\/site\/#\/schema\/logo\/image\/"},"sameAs":["https:\/\/www.facebook.com\/Common.eu\/","https:\/\/x.com\/common_eu","https:\/\/www.instagram.com\/common.eu\/?hl=it","https:\/\/www.youtube.com\/channel\/UCJNoGIX8C-wl4RfJLyWpT8g"]}]}},"_links":{"self":[{"href":"https:\/\/volontaripernatura.greenproject.info\/common\/site\/wp-json\/wp\/v2\/mec-events\/3363","targetHints":{"allow":["GET"]}}],"collection":[{"href":"https:\/\/volontaripernatura.greenproject.info\/common\/site\/wp-json\/wp\/v2\/mec-events"}],"about":[{"href":"https:\/\/volontaripernatura.greenproject.info\/common\/site\/wp-json\/wp\/v2\/types\/mec-events"}],"author":[{"embeddable":true,"href":"https:\/\/volontaripernatura.greenproject.info\/common\/site\/wp-json\/wp\/v2\/users\/1"}],"replies":[{"embeddable":true,"href":"https:\/\/volontaripernatura.greenproject.info\/common\/site\/wp-json\/wp\/v2\/comments?post=3363"}],"wp:featuredmedia":[{"embeddable":true,"href":"https:\/\/volontaripernatura.greenproject.info\/common\/site\/wp-json\/wp\/v2\/media\/3364"}],"wp:attachment":[{"href":"https:\/\/volontaripernatura.greenproject.info\/common\/site\/wp-json\/wp\/v2\/media?parent=3363"}],"wp:term":[{"taxonomy":"post_tag","embeddable":true,"href":"https:\/\/volontaripernatura.greenproject.info\/common\/site\/wp-json\/wp\/v2\/tags?post=3363"},{"taxonomy":"mec_category","embeddable":true,"href":"https:\/\/volontaripernatura.greenproject.info\/common\/site\/wp-json\/wp\/v2\/mec_category?post=3363"}],"curies":[{"name":"wp","href":"https:\/\/api.w.org\/{rel}","templated":true}]}}